{"id":9,"date":"2021-12-16T14:01:37","date_gmt":"2021-12-16T13:01:37","guid":{"rendered":"http:\/\/sackingbob74.synology.me\/wordpress\/?post_type=podcast&#038;p=9"},"modified":"2021-12-17T19:31:44","modified_gmt":"2021-12-17T18:31:44","slug":"der-corona-song","status":"publish","type":"podcast","link":"http:\/\/sackingbob74.synology.me\/wordpress\/podcast\/der-corona-song\/","title":{"rendered":"Der Corona Song"},"content":{"rendered":"\t\t<div data-elementor-type=\"wp-post\" data-elementor-id=\"9\" class=\"elementor elementor-9\">\n\t\t\t\t\t\t\t\t\t<section class=\"elementor-section elementor-top-section elementor-element elementor-element-6f70cf8b elementor-section-boxed elementor-section-height-default elementor-section-height-default\" data-id=\"6f70cf8b\" data-element_type=\"section\">\n\t\t\t\t\t\t<div class=\"elementor-container elementor-column-gap-default\">\n\t\t\t\t\t<div class=\"elementor-column elementor-col-100 elementor-top-column elementor-element elementor-element-2587a25a\" data-id=\"2587a25a\" data-element_type=\"column\">\n\t\t\t<div class=\"elementor-widget-wrap elementor-element-populated\">\n\t\t\t\t\t\t\t\t<div class=\"elementor-element elementor-element-2e7f6150 elementor-widget elementor-widget-text-editor\" data-id=\"2e7f6150\" data-element_type=\"widget\" data-widget_type=\"text-editor.default\">\n\t\t\t\t<div class=\"elementor-widget-container\">\n\t\t\t<style>\/*! elementor - v3.11.5 - 14-03-2023 *\/\n.elementor-widget-text-editor.elementor-drop-cap-view-stacked .elementor-drop-cap{background-color:#818a91;color:#fff}.elementor-widget-text-editor.elementor-drop-cap-view-framed .elementor-drop-cap{color:#818a91;border:3px solid;background-color:transparent}.elementor-widget-text-editor:not(.elementor-drop-cap-view-default) .elementor-drop-cap{margin-top:8px}.elementor-widget-text-editor:not(.elementor-drop-cap-view-default) .elementor-drop-cap-letter{width:1em;height:1em}.elementor-widget-text-editor .elementor-drop-cap{float:left;text-align:center;line-height:1;font-size:50px}.elementor-widget-text-editor .elementor-drop-cap-letter{display:inline-block}<\/style>\t\t\t\t<!-- wp:paragraph -->\n<p>Der Song, den wir als Band zum Start der Corona-Season aufgenommen haben. <\/p>\n<!-- \/wp:paragraph -->\t\t\t\t\t\t<\/div>\n\t\t\t\t<\/div>\n\t\t\t\t\t<\/div>\n\t\t<\/div>\n\t\t\t\t\t\t\t<\/div>\n\t\t<\/section>\n\t\t\t\t<section class=\"elementor-section elementor-top-section elementor-element elementor-element-66dc42b elementor-section-boxed elementor-section-height-default elementor-section-height-default\" data-id=\"66dc42b\" data-element_type=\"section\">\n\t\t\t\t\t\t<div class=\"elementor-container elementor-column-gap-default\">\n\t\t\t\t\t<div class=\"elementor-column elementor-col-100 elementor-top-column elementor-element elementor-element-49d847d\" data-id=\"49d847d\" data-element_type=\"column\">\n\t\t\t<div class=\"elementor-widget-wrap elementor-element-populated\">\n\t\t\t\t\t\t\t\t<div class=\"elementor-element elementor-element-0ee46fa elementor-widget elementor-widget-video\" data-id=\"0ee46fa\" data-element_type=\"widget\" data-settings=\"{&quot;video_type&quot;:&quot;hosted&quot;,&quot;controls&quot;:&quot;yes&quot;}\" data-widget_type=\"video.default\">\n\t\t\t\t<div class=\"elementor-widget-container\">\n\t\t\t<style>\/*! elementor - v3.11.5 - 14-03-2023 *\/\n.elementor-widget-video .elementor-widget-container{overflow:hidden;transform:translateZ(0)}.elementor-widget-video .elementor-wrapper iframe,.elementor-widget-video .elementor-wrapper video{height:100%;width:100%;display:flex;border:none;background-color:#000}.elementor-widget-video .elementor-open-inline .elementor-custom-embed-image-overlay{position:absolute;top:0;left:0;width:100%;height:100%;background-size:cover;background-position:50%}.elementor-widget-video .elementor-custom-embed-image-overlay{cursor:pointer;text-align:center}.elementor-widget-video .elementor-custom-embed-image-overlay:hover .elementor-custom-embed-play i{opacity:1}.elementor-widget-video .elementor-custom-embed-image-overlay img{display:block;width:100%}.elementor-widget-video .e-hosted-video .elementor-video{-o-object-fit:cover;object-fit:cover}.e-con-inner>.elementor-widget-video,.e-con>.elementor-widget-video{width:var(--container-widget-width);--flex-grow:var(--container-widget-flex-grow)}<\/style>\t\t<div class=\"e-hosted-video elementor-wrapper elementor-open-inline\">\n\t\t\t\t\t<video class=\"elementor-video\" src=\"https:\/\/192.168.178.37\/wordpress\/wp-content\/uploads\/2021\/12\/Quik_2020-03-15_19-06-41.mov\" controls=\"\" preload=\"metadata\" controlsList=\"nodownload\"><\/video>\n\t\t\t\t<\/div>\n\t\t\t\t<\/div>\n\t\t\t\t<\/div>\n\t\t\t\t\t<\/div>\n\t\t<\/div>\n\t\t\t\t\t\t\t<\/div>\n\t\t<\/section>\n\t\t\t\t\t\t\t<\/div>\n\t\t","protected":false},"excerpt":{"rendered":"<p>Der Song, den wir als Band zum Start der Corona-Season aufgenommen haben. https:\/\/192.168.178.37\/wordpress\/wp-content\/uploads\/2021\/12\/Quik_2020-03-15_19-06-41.mov<\/p>\n","protected":false},"author":1,"featured_media":7,"menu_order":0,"comment_status":"open","ping_status":"closed","template":"","meta":{"_bbp_topic_count":0,"_bbp_reply_count":0,"_bbp_total_topic_count":0,"_bbp_total_reply_count":0,"_bbp_voice_count":0,"_bbp_anonymous_reply_count":0,"_bbp_topic_count_hidden":0,"_bbp_reply_count_hidden":0,"_bbp_forum_subforum_count":0,"episode_type":"audio","audio_file":"http:\/\/sackingbob74.synology.me\/wordpress\/wp-content\/uploads\/2021\/12\/Corona-Song.m4a","cover_image":"http:\/\/sackingbob74.synology.me\/wordpress\/wp-content\/uploads\/2021\/12\/IMG_0812.png","cover_image_id":"85","duration":"3:59","filesize":"7.34M","date_recorded":"2021-12-16 14:01:37","explicit":"","block":"","filesize_raw":"7692809"},"tags":[3,2],"series":[4],"episode_featured_image":"http:\/\/sackingbob74.synology.me\/wordpress\/wp-content\/uploads\/2021\/12\/Die-Band2-.jpg","episode_player_image":"http:\/\/sackingbob74.synology.me\/wordpress\/wp-content\/uploads\/2021\/12\/IMG_0812.png","download_link":"http:\/\/sackingbob74.synology.me\/wordpress\/podcast-download\/9\/der-corona-song.m4a","player_link":"http:\/\/sackingbob74.synology.me\/wordpress\/podcast-player\/9\/der-corona-song.m4a","audio_player":"<!--[if lt IE 9]><script>document.createElement('audio');<\/script><![endif]-->\n<audio class=\"wp-audio-shortcode\" id=\"audio-9-1\" preload=\"none\" style=\"width: 100%;\" controls=\"controls\"><source type=\"audio\/mpeg\" src=\"http:\/\/sackingbob74.synology.me\/wordpress\/podcast-player\/9\/der-corona-song.m4a?_=1\" \/><a href=\"http:\/\/sackingbob74.synology.me\/wordpress\/podcast-player\/9\/der-corona-song.m4a\">http:\/\/sackingbob74.synology.me\/wordpress\/podcast-player\/9\/der-corona-song.m4a<\/a><\/audio>","episode_data":{"playerMode":"dark","subscribeUrls":{"apple_podcasts":{"key":"apple_podcasts","url":"","label":"Apple Podcasts","class":"apple_podcasts","icon":"apple-podcasts.png"},"stitcher":{"key":"stitcher","url":"","label":"Stitcher","class":"stitcher","icon":"stitcher.png"},"google_podcasts":{"key":"google_podcasts","url":"","label":"Google Podcasts","class":"google_podcasts","icon":"google-podcasts.png"},"spotify":{"key":"spotify","url":"","label":"Spotify","class":"spotify","icon":"spotify.png"}},"rssFeedUrl":"http:\/\/sackingbob74.synology.me\/wordpress\/feed\/podcast\/fd-feat-doc-sac","embedCode":"<blockquote class=\"wp-embedded-content\" data-secret=\"BMQ2T7nXNf\"><a href=\"http:\/\/sackingbob74.synology.me\/wordpress\/podcast\/der-corona-song\/\">Der Corona Song<\/a><\/blockquote><iframe sandbox=\"allow-scripts\" security=\"restricted\" src=\"http:\/\/sackingbob74.synology.me\/wordpress\/podcast\/der-corona-song\/embed\/#?secret=BMQ2T7nXNf\" width=\"500\" height=\"350\" title=\"&#8222;Der Corona Song&#8220; &#8212; Das Archiv\" data-secret=\"BMQ2T7nXNf\" frameborder=\"0\" marginwidth=\"0\" marginheight=\"0\" scrolling=\"no\" class=\"wp-embedded-content\"><\/iframe><script type=\"text\/javascript\">\n\/*! This file is auto-generated *\/\n!function(c,l){\"use strict\";var e=!1,o=!1;if(l.querySelector)if(c.addEventListener)e=!0;if(c.wp=c.wp||{},c.wp.receiveEmbedMessage);else if(c.wp.receiveEmbedMessage=function(e){var t=e.data;if(!t);else if(!(t.secret||t.message||t.value));else if(\/[^a-zA-Z0-9]\/.test(t.secret));else{for(var r,s,a,i=l.querySelectorAll('iframe[data-secret=\"'+t.secret+'\"]'),n=l.querySelectorAll('blockquote[data-secret=\"'+t.secret+'\"]'),o=0;o<n.length;o++)n[o].style.display=\"none\";for(o=0;o<i.length;o++)if(r=i[o],e.source!==r.contentWindow);else{if(r.removeAttribute(\"style\"),\"height\"===t.message){if(1e3<(s=parseInt(t.value,10)))s=1e3;else if(~~s<200)s=200;r.height=s}if(\"link\"===t.message)if(s=l.createElement(\"a\"),a=l.createElement(\"a\"),s.href=r.getAttribute(\"src\"),a.href=t.value,a.host===s.host)if(l.activeElement===r)c.top.location.href=t.value}}},e)c.addEventListener(\"message\",c.wp.receiveEmbedMessage,!1),l.addEventListener(\"DOMContentLoaded\",t,!1),c.addEventListener(\"load\",t,!1);function t(){if(o);else{o=!0;for(var e,t,r,s=-1!==navigator.appVersion.indexOf(\"MSIE 10\"),a=!!navigator.userAgent.match(\/Trident.*rv:11\\.\/),i=l.querySelectorAll(\"iframe.wp-embedded-content\"),n=0;n<i.length;n++){if(!(r=(t=i[n]).getAttribute(\"data-secret\")))r=Math.random().toString(36).substr(2,10),t.src+=\"#?secret=\"+r,t.setAttribute(\"data-secret\",r);if(s||a)(e=t.cloneNode(!0)).removeAttribute(\"security\"),t.parentNode.replaceChild(e,t);t.contentWindow.postMessage({message:\"ready\",secret:r},\"*\")}}}}(window,document);\n<\/script>\n"},"yoast_head":"<!-- This site is optimized with the Yoast SEO plugin v18.2 - https:\/\/yoast.com\/wordpress\/plugins\/seo\/ -->\n<title>Der Corona Song - Das Archiv<\/title>\n<meta name=\"robots\" content=\"index, follow, max-snippet:-1, max-image-preview:large, max-video-preview:-1\" \/>\n<link rel=\"canonical\" href=\"http:\/\/sackingbob74.synology.me\/wordpress\/podcast\/der-corona-song\/\" \/>\n<meta property=\"og:locale\" content=\"de_DE\" \/>\n<meta property=\"og:type\" content=\"article\" \/>\n<meta property=\"og:title\" content=\"Der Corona Song - Das Archiv\" \/>\n<meta property=\"og:description\" content=\"Der Song, den wir als Band zum Start der Corona-Season aufgenommen haben. https:\/\/192.168.178.37\/wordpress\/wp-content\/uploads\/2021\/12\/Quik_2020-03-15_19-06-41.mov\" \/>\n<meta property=\"og:url\" content=\"http:\/\/sackingbob74.synology.me\/wordpress\/podcast\/der-corona-song\/\" \/>\n<meta property=\"og:site_name\" content=\"Das Archiv\" \/>\n<meta property=\"article:publisher\" content=\"https:\/\/www.facebook.com\/SackingBob74\" \/>\n<meta property=\"article:modified_time\" content=\"2021-12-17T18:31:44+00:00\" \/>\n<meta property=\"og:image\" content=\"http:\/\/sackingbob74.synology.me\/wordpress\/wp-content\/uploads\/2021\/12\/Die-Band2-.jpg\" \/>\n\t<meta property=\"og:image:width\" content=\"857\" \/>\n\t<meta property=\"og:image:height\" content=\"729\" \/>\n\t<meta property=\"og:image:type\" content=\"image\/jpeg\" \/>\n<meta name=\"twitter:card\" content=\"summary_large_image\" \/>\n<meta name=\"twitter:site\" content=\"@SackingBob74\" \/>\n<script type=\"application\/ld+json\" class=\"yoast-schema-graph\">{\"@context\":\"https:\/\/schema.org\",\"@graph\":[{\"@type\":[\"Person\",\"Organization\"],\"@id\":\"https:\/\/sackingbob74.synology.me\/wordpress\/#\/schema\/person\/b4e8c9800a43e3dd482a88f9b5c1f484\",\"name\":\"SackingBob74\",\"image\":{\"@type\":\"ImageObject\",\"@id\":\"https:\/\/sackingbob74.synology.me\/wordpress\/#personlogo\",\"inLanguage\":\"de-DE\",\"url\":\"https:\/\/192.168.178.37\/wordpress\/wp-content\/uploads\/2017\/09\/e60748ec-bc11-4b2b-9771-d1736483a421-3010-000006f5be2e569f.jpg\",\"contentUrl\":\"https:\/\/192.168.178.37\/wordpress\/wp-content\/uploads\/2017\/09\/e60748ec-bc11-4b2b-9771-d1736483a421-3010-000006f5be2e569f.jpg\",\"width\":960,\"height\":1280,\"caption\":\"SackingBob74\"},\"logo\":{\"@id\":\"https:\/\/sackingbob74.synology.me\/wordpress\/#personlogo\"},\"description\":\"1974 in Dorsten geboren, entdeckte man fr\u00fch das fehlende sportliche Talent des Autors. \u00dcber Jahre erlernte er m\u00fchsam das Lesen und Schreiben, wobei er mit dem Letzteren immer seine Probleme hatte. Die Lehrer bescheinigten ihm ein hohes Ma\u00df an Fantasie und Flexibilit\u00e4t in der Rechtschreibung. Aus den oberen Gr\u00fcnden stand ihm lediglich der Zweig der Naturwissenschaften offen. Sein Werdegang wurde 2008 an Halloween mit einer Promotion in Chemie belohnt. Sein erstes Buch \u00bbNiedermolekulare Co-Kristallisation\u00ab erwies sich als Ladenh\u00fcter (Essener Uni-Bibliothek, wird wahrscheinlich z.Z. im unzug\u00e4nglichen Keller aufbewahrt). Um eine breitere \u00d6ffentlichkeit zu erreichen, beschloss der Autor, das Genre zu wechseln. Seit ein paar Jahren ver\u00f6ffentlicht er in seinem Blog &gt;SackingBob74.de&lt; Geschichten \u00fcber sich und die personalisierten Jahreszeiten. Er lebt mit seiner Familie in Gladbeck.\",\"sameAs\":[\"http:\/\/sackingbob74.synology.me\/wordpress\",\"https:\/\/www.facebook.com\/SackingBob74\",\"https:\/\/twitter.com\/SackingBob74\"]},{\"@type\":\"WebSite\",\"@id\":\"https:\/\/sackingbob74.synology.me\/wordpress\/#website\",\"url\":\"https:\/\/sackingbob74.synology.me\/wordpress\/\",\"name\":\"Das Archiv\",\"description\":\"Die Welt des Doc SAC aka SackingBob74\",\"publisher\":{\"@id\":\"https:\/\/sackingbob74.synology.me\/wordpress\/#\/schema\/person\/b4e8c9800a43e3dd482a88f9b5c1f484\"},\"potentialAction\":[{\"@type\":\"SearchAction\",\"target\":{\"@type\":\"EntryPoint\",\"urlTemplate\":\"https:\/\/sackingbob74.synology.me\/wordpress\/?s={search_term_string}\"},\"query-input\":\"required name=search_term_string\"}],\"inLanguage\":\"de-DE\"},{\"@type\":\"ImageObject\",\"@id\":\"http:\/\/sackingbob74.synology.me\/wordpress\/podcast\/der-corona-song\/#primaryimage\",\"inLanguage\":\"de-DE\",\"url\":\"http:\/\/sackingbob74.synology.me\/wordpress\/wp-content\/uploads\/2021\/12\/Die-Band2-.jpg\",\"contentUrl\":\"http:\/\/sackingbob74.synology.me\/wordpress\/wp-content\/uploads\/2021\/12\/Die-Band2-.jpg\",\"width\":857,\"height\":729},{\"@type\":\"WebPage\",\"@id\":\"http:\/\/sackingbob74.synology.me\/wordpress\/podcast\/der-corona-song\/#webpage\",\"url\":\"http:\/\/sackingbob74.synology.me\/wordpress\/podcast\/der-corona-song\/\",\"name\":\"Der Corona Song - Das Archiv\",\"isPartOf\":{\"@id\":\"https:\/\/sackingbob74.synology.me\/wordpress\/#website\"},\"primaryImageOfPage\":{\"@id\":\"http:\/\/sackingbob74.synology.me\/wordpress\/podcast\/der-corona-song\/#primaryimage\"},\"datePublished\":\"2021-12-16T13:01:37+00:00\",\"dateModified\":\"2021-12-17T18:31:44+00:00\",\"breadcrumb\":{\"@id\":\"http:\/\/sackingbob74.synology.me\/wordpress\/podcast\/der-corona-song\/#breadcrumb\"},\"inLanguage\":\"de-DE\",\"potentialAction\":[{\"@type\":\"ReadAction\",\"target\":[\"http:\/\/sackingbob74.synology.me\/wordpress\/podcast\/der-corona-song\/\"]}]},{\"@type\":\"BreadcrumbList\",\"@id\":\"http:\/\/sackingbob74.synology.me\/wordpress\/podcast\/der-corona-song\/#breadcrumb\",\"itemListElement\":[{\"@type\":\"ListItem\",\"position\":1,\"name\":\"Startseite\",\"item\":\"https:\/\/sackingbob74.synology.me\/wordpress\/\"},{\"@type\":\"ListItem\",\"position\":2,\"name\":\"Episode\",\"item\":\"http:\/\/sackingbob74.synology.me\/wordpress\/podcast\/\"},{\"@type\":\"ListItem\",\"position\":3,\"name\":\"Der Corona Song\"}]}]}<\/script>\n<!-- \/ Yoast SEO plugin. -->","yoast_head_json":{"title":"Der Corona Song - Das Archiv","robots":{"index":"index","follow":"follow","max-snippet":"max-snippet:-1","max-image-preview":"max-image-preview:large","max-video-preview":"max-video-preview:-1"},"canonical":"http:\/\/sackingbob74.synology.me\/wordpress\/podcast\/der-corona-song\/","og_locale":"de_DE","og_type":"article","og_title":"Der Corona Song - Das Archiv","og_description":"Der Song, den wir als Band zum Start der Corona-Season aufgenommen haben. https:\/\/192.168.178.37\/wordpress\/wp-content\/uploads\/2021\/12\/Quik_2020-03-15_19-06-41.mov","og_url":"http:\/\/sackingbob74.synology.me\/wordpress\/podcast\/der-corona-song\/","og_site_name":"Das Archiv","article_publisher":"https:\/\/www.facebook.com\/SackingBob74","article_modified_time":"2021-12-17T18:31:44+00:00","og_image":[{"width":857,"height":729,"url":"http:\/\/sackingbob74.synology.me\/wordpress\/wp-content\/uploads\/2021\/12\/Die-Band2-.jpg","type":"image\/jpeg"}],"twitter_card":"summary_large_image","twitter_site":"@SackingBob74","schema":{"@context":"https:\/\/schema.org","@graph":[{"@type":["Person","Organization"],"@id":"https:\/\/sackingbob74.synology.me\/wordpress\/#\/schema\/person\/b4e8c9800a43e3dd482a88f9b5c1f484","name":"SackingBob74","image":{"@type":"ImageObject","@id":"https:\/\/sackingbob74.synology.me\/wordpress\/#personlogo","inLanguage":"de-DE","url":"https:\/\/192.168.178.37\/wordpress\/wp-content\/uploads\/2017\/09\/e60748ec-bc11-4b2b-9771-d1736483a421-3010-000006f5be2e569f.jpg","contentUrl":"https:\/\/192.168.178.37\/wordpress\/wp-content\/uploads\/2017\/09\/e60748ec-bc11-4b2b-9771-d1736483a421-3010-000006f5be2e569f.jpg","width":960,"height":1280,"caption":"SackingBob74"},"logo":{"@id":"https:\/\/sackingbob74.synology.me\/wordpress\/#personlogo"},"description":"1974 in Dorsten geboren, entdeckte man fr\u00fch das fehlende sportliche Talent des Autors. \u00dcber Jahre erlernte er m\u00fchsam das Lesen und Schreiben, wobei er mit dem Letzteren immer seine Probleme hatte. Die Lehrer bescheinigten ihm ein hohes Ma\u00df an Fantasie und Flexibilit\u00e4t in der Rechtschreibung. Aus den oberen Gr\u00fcnden stand ihm lediglich der Zweig der Naturwissenschaften offen. Sein Werdegang wurde 2008 an Halloween mit einer Promotion in Chemie belohnt. Sein erstes Buch \u00bbNiedermolekulare Co-Kristallisation\u00ab erwies sich als Ladenh\u00fcter (Essener Uni-Bibliothek, wird wahrscheinlich z.Z. im unzug\u00e4nglichen Keller aufbewahrt). Um eine breitere \u00d6ffentlichkeit zu erreichen, beschloss der Autor, das Genre zu wechseln. Seit ein paar Jahren ver\u00f6ffentlicht er in seinem Blog &gt;SackingBob74.de&lt; Geschichten \u00fcber sich und die personalisierten Jahreszeiten. Er lebt mit seiner Familie in Gladbeck.","sameAs":["http:\/\/sackingbob74.synology.me\/wordpress","https:\/\/www.facebook.com\/SackingBob74","https:\/\/twitter.com\/SackingBob74"]},{"@type":"WebSite","@id":"https:\/\/sackingbob74.synology.me\/wordpress\/#website","url":"https:\/\/sackingbob74.synology.me\/wordpress\/","name":"Das Archiv","description":"Die Welt des Doc SAC aka SackingBob74","publisher":{"@id":"https:\/\/sackingbob74.synology.me\/wordpress\/#\/schema\/person\/b4e8c9800a43e3dd482a88f9b5c1f484"},"potentialAction":[{"@type":"SearchAction","target":{"@type":"EntryPoint","urlTemplate":"https:\/\/sackingbob74.synology.me\/wordpress\/?s={search_term_string}"},"query-input":"required name=search_term_string"}],"inLanguage":"de-DE"},{"@type":"ImageObject","@id":"http:\/\/sackingbob74.synology.me\/wordpress\/podcast\/der-corona-song\/#primaryimage","inLanguage":"de-DE","url":"http:\/\/sackingbob74.synology.me\/wordpress\/wp-content\/uploads\/2021\/12\/Die-Band2-.jpg","contentUrl":"http:\/\/sackingbob74.synology.me\/wordpress\/wp-content\/uploads\/2021\/12\/Die-Band2-.jpg","width":857,"height":729},{"@type":"WebPage","@id":"http:\/\/sackingbob74.synology.me\/wordpress\/podcast\/der-corona-song\/#webpage","url":"http:\/\/sackingbob74.synology.me\/wordpress\/podcast\/der-corona-song\/","name":"Der Corona Song - Das Archiv","isPartOf":{"@id":"https:\/\/sackingbob74.synology.me\/wordpress\/#website"},"primaryImageOfPage":{"@id":"http:\/\/sackingbob74.synology.me\/wordpress\/podcast\/der-corona-song\/#primaryimage"},"datePublished":"2021-12-16T13:01:37+00:00","dateModified":"2021-12-17T18:31:44+00:00","breadcrumb":{"@id":"http:\/\/sackingbob74.synology.me\/wordpress\/podcast\/der-corona-song\/#breadcrumb"},"inLanguage":"de-DE","potentialAction":[{"@type":"ReadAction","target":["http:\/\/sackingbob74.synology.me\/wordpress\/podcast\/der-corona-song\/"]}]},{"@type":"BreadcrumbList","@id":"http:\/\/sackingbob74.synology.me\/wordpress\/podcast\/der-corona-song\/#breadcrumb","itemListElement":[{"@type":"ListItem","position":1,"name":"Startseite","item":"https:\/\/sackingbob74.synology.me\/wordpress\/"},{"@type":"ListItem","position":2,"name":"Episode","item":"http:\/\/sackingbob74.synology.me\/wordpress\/podcast\/"},{"@type":"ListItem","position":3,"name":"Der Corona Song"}]}]}},"_links":{"self":[{"href":"http:\/\/sackingbob74.synology.me\/wordpress\/wp-json\/wp\/v2\/podcast\/9"}],"collection":[{"href":"http:\/\/sackingbob74.synology.me\/wordpress\/wp-json\/wp\/v2\/podcast"}],"about":[{"href":"http:\/\/sackingbob74.synology.me\/wordpress\/wp-json\/wp\/v2\/types\/podcast"}],"author":[{"embeddable":true,"href":"http:\/\/sackingbob74.synology.me\/wordpress\/wp-json\/wp\/v2\/users\/1"}],"replies":[{"embeddable":true,"href":"http:\/\/sackingbob74.synology.me\/wordpress\/wp-json\/wp\/v2\/comments?post=9"}],"version-history":[{"count":3,"href":"http:\/\/sackingbob74.synology.me\/wordpress\/wp-json\/wp\/v2\/podcast\/9\/revisions"}],"predecessor-version":[{"id":5004,"href":"http:\/\/sackingbob74.synology.me\/wordpress\/wp-json\/wp\/v2\/podcast\/9\/revisions\/5004"}],"wp:featuredmedia":[{"embeddable":true,"href":"http:\/\/sackingbob74.synology.me\/wordpress\/wp-json\/wp\/v2\/media\/7"}],"wp:attachment":[{"href":"http:\/\/sackingbob74.synology.me\/wordpress\/wp-json\/wp\/v2\/media?parent=9"}],"wp:term":[{"taxonomy":"post_tag","embeddable":true,"href":"http:\/\/sackingbob74.synology.me\/wordpress\/wp-json\/wp\/v2\/tags?post=9"},{"taxonomy":"series","embeddable":true,"href":"http:\/\/sackingbob74.synology.me\/wordpress\/wp-json\/wp\/v2\/series?post=9"}],"curies":[{"name":"wp","href":"https:\/\/api.w.org\/{rel}","templated":true}]}}