{"id":5069,"date":"2021-12-18T12:19:54","date_gmt":"2021-12-18T11:19:54","guid":{"rendered":"https:\/\/192.168.178.37\/wordpress\/?post_type=podcast&#038;p=5069"},"modified":"2021-12-18T12:21:14","modified_gmt":"2021-12-18T11:21:14","slug":"der-corona-song-live","status":"publish","type":"podcast","link":"http:\/\/sackingbob74.synology.me\/wordpress\/podcast\/der-corona-song-live\/","title":{"rendered":"Der Corona Song live"},"content":{"rendered":"\n<p>Das Lied wurde bei unserem viel diskutierten Auftritt Anfang 2020 aufgenommen, als die Pandemie noch nicht einmal halb angefangen hatte.<\/p>\n","protected":false},"excerpt":{"rendered":"<p>Das Lied wurde bei unserem viel diskutierten Auftritt Anfang 2020 aufgenommen, als die Pandemie noch nicht einmal halb angefangen hatte.<\/p>\n","protected":false},"author":1,"featured_media":7,"menu_order":0,"comment_status":"open","ping_status":"closed","template":"","meta":{"_bbp_topic_count":0,"_bbp_reply_count":0,"_bbp_total_topic_count":0,"_bbp_total_reply_count":0,"_bbp_voice_count":0,"_bbp_anonymous_reply_count":0,"_bbp_topic_count_hidden":0,"_bbp_reply_count_hidden":0,"_bbp_forum_subforum_count":0,"episode_type":"video","audio_file":"https:\/\/192.168.178.37\/wordpress\/wp-content\/uploads\/2021\/12\/8f8de3a0-e892-45b9-8563-4f539575ad0a.mp4","cover_image":"https:\/\/192.168.178.37\/wordpress\/wp-content\/uploads\/2021\/12\/docsac.png","cover_image_id":"87","duration":"5:42","filesize":"25.23M","date_recorded":"2021-12-18 12:19:54","explicit":"","block":"","filesize_raw":"26460023"},"tags":[],"series":[4],"episode_featured_image":"http:\/\/sackingbob74.synology.me\/wordpress\/wp-content\/uploads\/2021\/12\/Die-Band2-.jpg","episode_player_image":"http:\/\/sackingbob74.synology.me\/wordpress\/wp-content\/uploads\/2021\/12\/docsac.png","download_link":"http:\/\/sackingbob74.synology.me\/wordpress\/podcast-download\/5069\/der-corona-song-live.mp4","player_link":"http:\/\/sackingbob74.synology.me\/wordpress\/podcast-player\/5069\/der-corona-song-live.mp4","audio_player":"<a class=\"wp-embedded-audio\" href=\"http:\/\/sackingbob74.synology.me\/wordpress\/podcast-player\/5069\/der-corona-song-live.mp4\">http:\/\/sackingbob74.synology.me\/wordpress\/podcast-player\/5069\/der-corona-song-live.mp4<\/a>","episode_data":{"playerMode":"dark","subscribeUrls":{"apple_podcasts":{"key":"apple_podcasts","url":"","label":"Apple Podcasts","class":"apple_podcasts","icon":"apple-podcasts.png"},"stitcher":{"key":"stitcher","url":"","label":"Stitcher","class":"stitcher","icon":"stitcher.png"},"google_podcasts":{"key":"google_podcasts","url":"","label":"Google Podcasts","class":"google_podcasts","icon":"google-podcasts.png"},"spotify":{"key":"spotify","url":"","label":"Spotify","class":"spotify","icon":"spotify.png"}},"rssFeedUrl":"http:\/\/sackingbob74.synology.me\/wordpress\/feed\/podcast\/fd-feat-doc-sac","embedCode":"<blockquote class=\"wp-embedded-content\" data-secret=\"cemu8XK7Sk\"><a href=\"http:\/\/sackingbob74.synology.me\/wordpress\/podcast\/der-corona-song-live\/\">Der Corona Song live<\/a><\/blockquote><iframe sandbox=\"allow-scripts\" security=\"restricted\" src=\"http:\/\/sackingbob74.synology.me\/wordpress\/podcast\/der-corona-song-live\/embed\/#?secret=cemu8XK7Sk\" width=\"500\" height=\"350\" title=\"&#8222;Der Corona Song live&#8220; &#8212; Das Archiv\" data-secret=\"cemu8XK7Sk\" frameborder=\"0\" marginwidth=\"0\" marginheight=\"0\" scrolling=\"no\" class=\"wp-embedded-content\"><\/iframe><script type=\"text\/javascript\">\n\/*! This file is auto-generated *\/\n!function(c,l){\"use strict\";var e=!1,o=!1;if(l.querySelector)if(c.addEventListener)e=!0;if(c.wp=c.wp||{},c.wp.receiveEmbedMessage);else if(c.wp.receiveEmbedMessage=function(e){var t=e.data;if(!t);else if(!(t.secret||t.message||t.value));else if(\/[^a-zA-Z0-9]\/.test(t.secret));else{for(var r,s,a,i=l.querySelectorAll('iframe[data-secret=\"'+t.secret+'\"]'),n=l.querySelectorAll('blockquote[data-secret=\"'+t.secret+'\"]'),o=0;o<n.length;o++)n[o].style.display=\"none\";for(o=0;o<i.length;o++)if(r=i[o],e.source!==r.contentWindow);else{if(r.removeAttribute(\"style\"),\"height\"===t.message){if(1e3<(s=parseInt(t.value,10)))s=1e3;else if(~~s<200)s=200;r.height=s}if(\"link\"===t.message)if(s=l.createElement(\"a\"),a=l.createElement(\"a\"),s.href=r.getAttribute(\"src\"),a.href=t.value,a.host===s.host)if(l.activeElement===r)c.top.location.href=t.value}}},e)c.addEventListener(\"message\",c.wp.receiveEmbedMessage,!1),l.addEventListener(\"DOMContentLoaded\",t,!1),c.addEventListener(\"load\",t,!1);function t(){if(o);else{o=!0;for(var e,t,r,s=-1!==navigator.appVersion.indexOf(\"MSIE 10\"),a=!!navigator.userAgent.match(\/Trident.*rv:11\\.\/),i=l.querySelectorAll(\"iframe.wp-embedded-content\"),n=0;n<i.length;n++){if(!(r=(t=i[n]).getAttribute(\"data-secret\")))r=Math.random().toString(36).substr(2,10),t.src+=\"#?secret=\"+r,t.setAttribute(\"data-secret\",r);if(s||a)(e=t.cloneNode(!0)).removeAttribute(\"security\"),t.parentNode.replaceChild(e,t);t.contentWindow.postMessage({message:\"ready\",secret:r},\"*\")}}}}(window,document);\n<\/script>\n"},"yoast_head":"<!-- This site is optimized with the Yoast SEO plugin v18.2 - https:\/\/yoast.com\/wordpress\/plugins\/seo\/ -->\n<title>Der Corona Song live - Das Archiv<\/title>\n<meta name=\"robots\" content=\"index, follow, max-snippet:-1, max-image-preview:large, max-video-preview:-1\" \/>\n<link rel=\"canonical\" href=\"http:\/\/sackingbob74.synology.me\/wordpress\/podcast\/der-corona-song-live\/\" \/>\n<meta property=\"og:locale\" content=\"de_DE\" \/>\n<meta property=\"og:type\" content=\"article\" \/>\n<meta property=\"og:title\" content=\"Der Corona Song live - Das Archiv\" \/>\n<meta property=\"og:description\" content=\"Das Lied wurde bei unserem viel diskutierten Auftritt Anfang 2020 aufgenommen, als die Pandemie noch nicht einmal halb angefangen hatte.\" \/>\n<meta property=\"og:url\" content=\"http:\/\/sackingbob74.synology.me\/wordpress\/podcast\/der-corona-song-live\/\" \/>\n<meta property=\"og:site_name\" content=\"Das Archiv\" \/>\n<meta property=\"article:publisher\" content=\"https:\/\/www.facebook.com\/SackingBob74\" \/>\n<meta property=\"article:modified_time\" content=\"2021-12-18T11:21:14+00:00\" \/>\n<meta property=\"og:image\" content=\"http:\/\/sackingbob74.synology.me\/wordpress\/wp-content\/uploads\/2021\/12\/Die-Band2-.jpg\" \/>\n\t<meta property=\"og:image:width\" content=\"857\" \/>\n\t<meta property=\"og:image:height\" content=\"729\" \/>\n\t<meta property=\"og:image:type\" content=\"image\/jpeg\" \/>\n<meta name=\"twitter:card\" content=\"summary_large_image\" \/>\n<meta name=\"twitter:site\" content=\"@SackingBob74\" \/>\n<script type=\"application\/ld+json\" class=\"yoast-schema-graph\">{\"@context\":\"https:\/\/schema.org\",\"@graph\":[{\"@type\":[\"Person\",\"Organization\"],\"@id\":\"https:\/\/sackingbob74.synology.me\/wordpress\/#\/schema\/person\/b4e8c9800a43e3dd482a88f9b5c1f484\",\"name\":\"SackingBob74\",\"image\":{\"@type\":\"ImageObject\",\"@id\":\"https:\/\/sackingbob74.synology.me\/wordpress\/#personlogo\",\"inLanguage\":\"de-DE\",\"url\":\"https:\/\/192.168.178.37\/wordpress\/wp-content\/uploads\/2017\/09\/e60748ec-bc11-4b2b-9771-d1736483a421-3010-000006f5be2e569f.jpg\",\"contentUrl\":\"https:\/\/192.168.178.37\/wordpress\/wp-content\/uploads\/2017\/09\/e60748ec-bc11-4b2b-9771-d1736483a421-3010-000006f5be2e569f.jpg\",\"width\":960,\"height\":1280,\"caption\":\"SackingBob74\"},\"logo\":{\"@id\":\"https:\/\/sackingbob74.synology.me\/wordpress\/#personlogo\"},\"description\":\"1974 in Dorsten geboren, entdeckte man fr\u00fch das fehlende sportliche Talent des Autors. \u00dcber Jahre erlernte er m\u00fchsam das Lesen und Schreiben, wobei er mit dem Letzteren immer seine Probleme hatte. Die Lehrer bescheinigten ihm ein hohes Ma\u00df an Fantasie und Flexibilit\u00e4t in der Rechtschreibung. Aus den oberen Gr\u00fcnden stand ihm lediglich der Zweig der Naturwissenschaften offen. Sein Werdegang wurde 2008 an Halloween mit einer Promotion in Chemie belohnt. Sein erstes Buch \u00bbNiedermolekulare Co-Kristallisation\u00ab erwies sich als Ladenh\u00fcter (Essener Uni-Bibliothek, wird wahrscheinlich z.Z. im unzug\u00e4nglichen Keller aufbewahrt). Um eine breitere \u00d6ffentlichkeit zu erreichen, beschloss der Autor, das Genre zu wechseln. Seit ein paar Jahren ver\u00f6ffentlicht er in seinem Blog &gt;SackingBob74.de&lt; Geschichten \u00fcber sich und die personalisierten Jahreszeiten. Er lebt mit seiner Familie in Gladbeck.\",\"sameAs\":[\"http:\/\/sackingbob74.synology.me\/wordpress\",\"https:\/\/www.facebook.com\/SackingBob74\",\"https:\/\/twitter.com\/SackingBob74\"]},{\"@type\":\"WebSite\",\"@id\":\"https:\/\/sackingbob74.synology.me\/wordpress\/#website\",\"url\":\"https:\/\/sackingbob74.synology.me\/wordpress\/\",\"name\":\"Das Archiv\",\"description\":\"Die Welt des Doc SAC aka SackingBob74\",\"publisher\":{\"@id\":\"https:\/\/sackingbob74.synology.me\/wordpress\/#\/schema\/person\/b4e8c9800a43e3dd482a88f9b5c1f484\"},\"potentialAction\":[{\"@type\":\"SearchAction\",\"target\":{\"@type\":\"EntryPoint\",\"urlTemplate\":\"https:\/\/sackingbob74.synology.me\/wordpress\/?s={search_term_string}\"},\"query-input\":\"required name=search_term_string\"}],\"inLanguage\":\"de-DE\"},{\"@type\":\"ImageObject\",\"@id\":\"http:\/\/sackingbob74.synology.me\/wordpress\/podcast\/der-corona-song-live\/#primaryimage\",\"inLanguage\":\"de-DE\",\"url\":\"http:\/\/sackingbob74.synology.me\/wordpress\/wp-content\/uploads\/2021\/12\/Die-Band2-.jpg\",\"contentUrl\":\"http:\/\/sackingbob74.synology.me\/wordpress\/wp-content\/uploads\/2021\/12\/Die-Band2-.jpg\",\"width\":857,\"height\":729},{\"@type\":\"WebPage\",\"@id\":\"http:\/\/sackingbob74.synology.me\/wordpress\/podcast\/der-corona-song-live\/#webpage\",\"url\":\"http:\/\/sackingbob74.synology.me\/wordpress\/podcast\/der-corona-song-live\/\",\"name\":\"Der Corona Song live - Das Archiv\",\"isPartOf\":{\"@id\":\"https:\/\/sackingbob74.synology.me\/wordpress\/#website\"},\"primaryImageOfPage\":{\"@id\":\"http:\/\/sackingbob74.synology.me\/wordpress\/podcast\/der-corona-song-live\/#primaryimage\"},\"datePublished\":\"2021-12-18T11:19:54+00:00\",\"dateModified\":\"2021-12-18T11:21:14+00:00\",\"breadcrumb\":{\"@id\":\"http:\/\/sackingbob74.synology.me\/wordpress\/podcast\/der-corona-song-live\/#breadcrumb\"},\"inLanguage\":\"de-DE\",\"potentialAction\":[{\"@type\":\"ReadAction\",\"target\":[\"http:\/\/sackingbob74.synology.me\/wordpress\/podcast\/der-corona-song-live\/\"]}]},{\"@type\":\"BreadcrumbList\",\"@id\":\"http:\/\/sackingbob74.synology.me\/wordpress\/podcast\/der-corona-song-live\/#breadcrumb\",\"itemListElement\":[{\"@type\":\"ListItem\",\"position\":1,\"name\":\"Startseite\",\"item\":\"https:\/\/sackingbob74.synology.me\/wordpress\/\"},{\"@type\":\"ListItem\",\"position\":2,\"name\":\"Episode\",\"item\":\"http:\/\/sackingbob74.synology.me\/wordpress\/podcast\/\"},{\"@type\":\"ListItem\",\"position\":3,\"name\":\"Der Corona Song live\"}]}]}<\/script>\n<!-- \/ Yoast SEO plugin. -->","yoast_head_json":{"title":"Der Corona Song live - Das Archiv","robots":{"index":"index","follow":"follow","max-snippet":"max-snippet:-1","max-image-preview":"max-image-preview:large","max-video-preview":"max-video-preview:-1"},"canonical":"http:\/\/sackingbob74.synology.me\/wordpress\/podcast\/der-corona-song-live\/","og_locale":"de_DE","og_type":"article","og_title":"Der Corona Song live - Das Archiv","og_description":"Das Lied wurde bei unserem viel diskutierten Auftritt Anfang 2020 aufgenommen, als die Pandemie noch nicht einmal halb angefangen hatte.","og_url":"http:\/\/sackingbob74.synology.me\/wordpress\/podcast\/der-corona-song-live\/","og_site_name":"Das Archiv","article_publisher":"https:\/\/www.facebook.com\/SackingBob74","article_modified_time":"2021-12-18T11:21:14+00:00","og_image":[{"width":857,"height":729,"url":"http:\/\/sackingbob74.synology.me\/wordpress\/wp-content\/uploads\/2021\/12\/Die-Band2-.jpg","type":"image\/jpeg"}],"twitter_card":"summary_large_image","twitter_site":"@SackingBob74","schema":{"@context":"https:\/\/schema.org","@graph":[{"@type":["Person","Organization"],"@id":"https:\/\/sackingbob74.synology.me\/wordpress\/#\/schema\/person\/b4e8c9800a43e3dd482a88f9b5c1f484","name":"SackingBob74","image":{"@type":"ImageObject","@id":"https:\/\/sackingbob74.synology.me\/wordpress\/#personlogo","inLanguage":"de-DE","url":"https:\/\/192.168.178.37\/wordpress\/wp-content\/uploads\/2017\/09\/e60748ec-bc11-4b2b-9771-d1736483a421-3010-000006f5be2e569f.jpg","contentUrl":"https:\/\/192.168.178.37\/wordpress\/wp-content\/uploads\/2017\/09\/e60748ec-bc11-4b2b-9771-d1736483a421-3010-000006f5be2e569f.jpg","width":960,"height":1280,"caption":"SackingBob74"},"logo":{"@id":"https:\/\/sackingbob74.synology.me\/wordpress\/#personlogo"},"description":"1974 in Dorsten geboren, entdeckte man fr\u00fch das fehlende sportliche Talent des Autors. \u00dcber Jahre erlernte er m\u00fchsam das Lesen und Schreiben, wobei er mit dem Letzteren immer seine Probleme hatte. Die Lehrer bescheinigten ihm ein hohes Ma\u00df an Fantasie und Flexibilit\u00e4t in der Rechtschreibung. Aus den oberen Gr\u00fcnden stand ihm lediglich der Zweig der Naturwissenschaften offen. Sein Werdegang wurde 2008 an Halloween mit einer Promotion in Chemie belohnt. Sein erstes Buch \u00bbNiedermolekulare Co-Kristallisation\u00ab erwies sich als Ladenh\u00fcter (Essener Uni-Bibliothek, wird wahrscheinlich z.Z. im unzug\u00e4nglichen Keller aufbewahrt). Um eine breitere \u00d6ffentlichkeit zu erreichen, beschloss der Autor, das Genre zu wechseln. Seit ein paar Jahren ver\u00f6ffentlicht er in seinem Blog &gt;SackingBob74.de&lt; Geschichten \u00fcber sich und die personalisierten Jahreszeiten. Er lebt mit seiner Familie in Gladbeck.","sameAs":["http:\/\/sackingbob74.synology.me\/wordpress","https:\/\/www.facebook.com\/SackingBob74","https:\/\/twitter.com\/SackingBob74"]},{"@type":"WebSite","@id":"https:\/\/sackingbob74.synology.me\/wordpress\/#website","url":"https:\/\/sackingbob74.synology.me\/wordpress\/","name":"Das Archiv","description":"Die Welt des Doc SAC aka SackingBob74","publisher":{"@id":"https:\/\/sackingbob74.synology.me\/wordpress\/#\/schema\/person\/b4e8c9800a43e3dd482a88f9b5c1f484"},"potentialAction":[{"@type":"SearchAction","target":{"@type":"EntryPoint","urlTemplate":"https:\/\/sackingbob74.synology.me\/wordpress\/?s={search_term_string}"},"query-input":"required name=search_term_string"}],"inLanguage":"de-DE"},{"@type":"ImageObject","@id":"http:\/\/sackingbob74.synology.me\/wordpress\/podcast\/der-corona-song-live\/#primaryimage","inLanguage":"de-DE","url":"http:\/\/sackingbob74.synology.me\/wordpress\/wp-content\/uploads\/2021\/12\/Die-Band2-.jpg","contentUrl":"http:\/\/sackingbob74.synology.me\/wordpress\/wp-content\/uploads\/2021\/12\/Die-Band2-.jpg","width":857,"height":729},{"@type":"WebPage","@id":"http:\/\/sackingbob74.synology.me\/wordpress\/podcast\/der-corona-song-live\/#webpage","url":"http:\/\/sackingbob74.synology.me\/wordpress\/podcast\/der-corona-song-live\/","name":"Der Corona Song live - Das Archiv","isPartOf":{"@id":"https:\/\/sackingbob74.synology.me\/wordpress\/#website"},"primaryImageOfPage":{"@id":"http:\/\/sackingbob74.synology.me\/wordpress\/podcast\/der-corona-song-live\/#primaryimage"},"datePublished":"2021-12-18T11:19:54+00:00","dateModified":"2021-12-18T11:21:14+00:00","breadcrumb":{"@id":"http:\/\/sackingbob74.synology.me\/wordpress\/podcast\/der-corona-song-live\/#breadcrumb"},"inLanguage":"de-DE","potentialAction":[{"@type":"ReadAction","target":["http:\/\/sackingbob74.synology.me\/wordpress\/podcast\/der-corona-song-live\/"]}]},{"@type":"BreadcrumbList","@id":"http:\/\/sackingbob74.synology.me\/wordpress\/podcast\/der-corona-song-live\/#breadcrumb","itemListElement":[{"@type":"ListItem","position":1,"name":"Startseite","item":"https:\/\/sackingbob74.synology.me\/wordpress\/"},{"@type":"ListItem","position":2,"name":"Episode","item":"http:\/\/sackingbob74.synology.me\/wordpress\/podcast\/"},{"@type":"ListItem","position":3,"name":"Der Corona Song live"}]}]}},"_links":{"self":[{"href":"http:\/\/sackingbob74.synology.me\/wordpress\/wp-json\/wp\/v2\/podcast\/5069"}],"collection":[{"href":"http:\/\/sackingbob74.synology.me\/wordpress\/wp-json\/wp\/v2\/podcast"}],"about":[{"href":"http:\/\/sackingbob74.synology.me\/wordpress\/wp-json\/wp\/v2\/types\/podcast"}],"author":[{"embeddable":true,"href":"http:\/\/sackingbob74.synology.me\/wordpress\/wp-json\/wp\/v2\/users\/1"}],"replies":[{"embeddable":true,"href":"http:\/\/sackingbob74.synology.me\/wordpress\/wp-json\/wp\/v2\/comments?post=5069"}],"version-history":[{"count":1,"href":"http:\/\/sackingbob74.synology.me\/wordpress\/wp-json\/wp\/v2\/podcast\/5069\/revisions"}],"predecessor-version":[{"id":5070,"href":"http:\/\/sackingbob74.synology.me\/wordpress\/wp-json\/wp\/v2\/podcast\/5069\/revisions\/5070"}],"wp:featuredmedia":[{"embeddable":true,"href":"http:\/\/sackingbob74.synology.me\/wordpress\/wp-json\/wp\/v2\/media\/7"}],"wp:attachment":[{"href":"http:\/\/sackingbob74.synology.me\/wordpress\/wp-json\/wp\/v2\/media?parent=5069"}],"wp:term":[{"taxonomy":"post_tag","embeddable":true,"href":"http:\/\/sackingbob74.synology.me\/wordpress\/wp-json\/wp\/v2\/tags?post=5069"},{"taxonomy":"series","embeddable":true,"href":"http:\/\/sackingbob74.synology.me\/wordpress\/wp-json\/wp\/v2\/series?post=5069"}],"curies":[{"name":"wp","href":"https:\/\/api.w.org\/{rel}","templated":true}]}}